{"id":20458,"date":"2018-09-25T12:46:14","date_gmt":"2018-09-25T12:46:14","guid":{"rendered":"https:\/\/www.alabianca.it\/store\/uncategorized\/simona-norato-orde-di-brave-figlie\/"},"modified":"2024-02-26T10:17:06","modified_gmt":"2024-02-26T10:17:06","slug":"simona-norato-orde-di-brave-figlie","status":"publish","type":"product","link":"https:\/\/www.alabianca.it\/en\/store\/ala-bianca-records-en\/simona-norato-orde-di-brave-figlie\/","title":{"rendered":"Simona Norato &#8211; Orde di brave figlie"},"content":{"rendered":"<p><b>Orde di brave figlie<\/b> \u00e8 il secondo album della cantautrice palermitana Simona Norato pubblicato da <a href=\"https:\/\/www.alabianca.it\/en\/about-us\/\">Ala Bianca<\/a>.<br \/>\nL&#8217;album \u00e8 stato pubblicato nel 2018 ed \u00e8 stato prodotto da <strong>Cesare Basile<\/strong>, registrato in presa diretta agli Studi Zen Arcade di Catania.<\/p>\n<p>Un viaggio a sud est, cos\u00ec potremmo definire in prima battuta il nuovo disco di\u00a0<b>Simona Norato<\/b>. Un est che fa della Sicilia il suo punto di partenza per spingersi verso l\u2019Africa, senza tralasciare territori dalle forti suggestioni arabe. Un album che va controcorrente rispetto al mercato attuale, alla supremazia musicale anglofona e ai suoni stereotipati a cui l\u2019indie pop italico ci ha abituato, per abbracciare strumenti originali, armonie ricercate e ritmiche mai banali.<\/p>\n<h2>Orde di brave figlie: Il contenuto<\/h2>\n<p>Nove le tracce, di cui due strumentali, in cui la Norato capovolge il pensiero comune e rifiuta la manipolazione del potere.<br \/>\nRicerca una libert\u00e0 non solo stilistica, ma anche concettuale. Dalla condanna del totalitarismo di ispirazione Orwelliana in <b><i>Un solo grande partito<\/i><\/b>\u00a0<i>(\u201cI bambini adorano il partito\/ Vanno matti per le impiccagioni pubbliche\/ Per i canti, i cortei, gli stendardi e le gite\/ Le esercitazioni coi fucili giocattolo\u201d<\/i>) alla ricerca di una verit\u00e0 libera e controcorrente, un riscatto rappresentato dalla metaforica fuga di mammiferi del primo singolo\u00a0<b><i>Scegli me tra i bisonti<\/i><\/b><i>\u00a0(\u201cSiamo cerve dell\u2019Artico, anguille\/ Sulla Terra non torneremo pi\u00f9\u201d)\u00a0<\/i>e dalla \u201ccavalcata delle valchirie\u201d della title track\u00a0<i>(\u201cOrde di brave figlie entreranno nelle vostre case\/ Orde di brave figlie prenderanno le vostre figlie\/ Io sono una signora per cui la guerra \u00e8 finita\u201d<\/i>).<\/p>\n<p>In chiusura, un dialogo intimo e sussurrato tra la Simona bambina (qui interpretata dalla dodicenne\u00a0<b>Marta Caudullo<\/b>) e quella adulta. Il dialogo si incentra sulle aspettative e i progetti di vita. Nell\u2019intensa <b><i>Questo universo spione<\/i><\/b> mette il punto ad un album che fa della femminilit\u00e0 non pi\u00f9 solo un sinonimo di fragilit\u00e0, ma\u00a0anche di indipendenza e coraggio.<\/p>\n","protected":false},"excerpt":{"rendered":"<p>Orde di brave figlie \u00e8 il secondo album della cantautrice palermitana Simona Norato pubblicato da Ala Bianca. L&#8217;album \u00e8 stato pubblicato nel 2018 ed \u00e8 stato prodotto da Cesare Basile, registrato in presa diretta agli Studi Zen Arcade di Catania. Un viaggio a sud est, cos\u00ec potremmo definire in prima battuta il nuovo disco di\u00a0Simona [&hellip;]<\/p>\n","protected":false},"featured_media":5966,"template":"","meta":{"_acf_changed":false},"product_brand":[],"product_cat":[778],"product_tag":[2306],"class_list":{"0":"post-20458","1":"product","2":"type-product","3":"status-publish","4":"has-post-thumbnail","6":"product_cat-ala-bianca-records-en","7":"product_tag-simona-norato-en","8":"pa_artista-simona-norato-en","9":"pa_genere-canzone-dautore-en","10":"pa_supporto-cd-en","12":"first","13":"instock","14":"taxable","15":"shipping-taxable","16":"purchasable","17":"product-type-simple"},"acf":[],"yoast_head":"<!-- This site is optimized with the Yoast SEO plugin v27.5 - https:\/\/yoast.com\/product\/yoast-seo-wordpress\/ -->\n<title>Simona Norato - Orde di brave figlie - Alabianca Group<\/title>\n<meta name=\"description\" content=\"Buy now Simona Norato - Orde di brave figlie on Alabianca GroupMusic editor and publisher in Modena. Il secondo album della cantautrice.\" \/>\n<meta name=\"robots\" content=\"index, follow, max-snippet:-1, max-image-preview:large, max-video-preview:-1\" \/>\n<link rel=\"canonical\" href=\"https:\/\/www.alabianca.it\/en\/store\/ala-bianca-records-en\/simona-norato-orde-di-brave-figlie\/\" \/>\n<meta property=\"og:locale\" content=\"en_US\" \/>\n<meta property=\"og:type\" content=\"article\" \/>\n<meta property=\"og:title\" content=\"Simona Norato - Orde di brave figlie - Alabianca Group\" \/>\n<meta property=\"og:description\" content=\"Buy now Simona Norato - Orde di brave figlie on Alabianca GroupMusic editor and publisher in Modena. Il secondo album della cantautrice.\" \/>\n<meta property=\"og:url\" content=\"https:\/\/www.alabianca.it\/en\/store\/ala-bianca-records-en\/simona-norato-orde-di-brave-figlie\/\" \/>\n<meta property=\"og:site_name\" content=\"Alabianca Group\" \/>\n<meta property=\"article:modified_time\" content=\"2024-02-26T10:17:06+00:00\" \/>\n<meta property=\"og:image\" content=\"https:\/\/www.alabianca.it\/wp-content\/uploads\/2018\/09\/Simona-Norato.png\" \/>\n\t<meta property=\"og:image:width\" content=\"1100\" \/>\n\t<meta property=\"og:image:height\" content=\"1100\" \/>\n\t<meta property=\"og:image:type\" content=\"image\/png\" \/>\n<meta name=\"twitter:card\" content=\"summary_large_image\" \/>\n<meta name=\"twitter:label1\" content=\"Est. reading time\" \/>\n\t<meta name=\"twitter:data1\" content=\"2 minutes\" \/>\n<script type=\"application\/ld+json\" class=\"yoast-schema-graph\">{\"@context\":\"https:\\\/\\\/schema.org\",\"@graph\":[{\"@type\":\"WebPage\",\"@id\":\"https:\\\/\\\/www.alabianca.it\\\/en\\\/store\\\/ala-bianca-records-en\\\/simona-norato-orde-di-brave-figlie\\\/\",\"url\":\"https:\\\/\\\/www.alabianca.it\\\/en\\\/store\\\/ala-bianca-records-en\\\/simona-norato-orde-di-brave-figlie\\\/\",\"name\":\"Simona Norato - Orde di brave figlie - Alabianca Group\",\"isPartOf\":{\"@id\":\"https:\\\/\\\/www.alabianca.it\\\/en\\\/#website\"},\"primaryImageOfPage\":{\"@id\":\"https:\\\/\\\/www.alabianca.it\\\/en\\\/store\\\/ala-bianca-records-en\\\/simona-norato-orde-di-brave-figlie\\\/#primaryimage\"},\"image\":{\"@id\":\"https:\\\/\\\/www.alabianca.it\\\/en\\\/store\\\/ala-bianca-records-en\\\/simona-norato-orde-di-brave-figlie\\\/#primaryimage\"},\"thumbnailUrl\":\"https:\\\/\\\/www.alabianca.it\\\/wp-content\\\/uploads\\\/2018\\\/09\\\/Simona-Norato.png\",\"datePublished\":\"2018-09-25T12:46:14+00:00\",\"dateModified\":\"2024-02-26T10:17:06+00:00\",\"description\":\"Buy now Simona Norato - Orde di brave figlie on Alabianca GroupMusic editor and publisher in Modena. Il secondo album della cantautrice.\",\"breadcrumb\":{\"@id\":\"https:\\\/\\\/www.alabianca.it\\\/en\\\/store\\\/ala-bianca-records-en\\\/simona-norato-orde-di-brave-figlie\\\/#breadcrumb\"},\"inLanguage\":\"en-US\",\"potentialAction\":[{\"@type\":\"ReadAction\",\"target\":[\"https:\\\/\\\/www.alabianca.it\\\/en\\\/store\\\/ala-bianca-records-en\\\/simona-norato-orde-di-brave-figlie\\\/\"]}]},{\"@type\":\"ImageObject\",\"inLanguage\":\"en-US\",\"@id\":\"https:\\\/\\\/www.alabianca.it\\\/en\\\/store\\\/ala-bianca-records-en\\\/simona-norato-orde-di-brave-figlie\\\/#primaryimage\",\"url\":\"https:\\\/\\\/www.alabianca.it\\\/wp-content\\\/uploads\\\/2018\\\/09\\\/Simona-Norato.png\",\"contentUrl\":\"https:\\\/\\\/www.alabianca.it\\\/wp-content\\\/uploads\\\/2018\\\/09\\\/Simona-Norato.png\",\"width\":1100,\"height\":1100,\"caption\":\"Cover per Orde di brave figlie, Simona Norato\"},{\"@type\":\"BreadcrumbList\",\"@id\":\"https:\\\/\\\/www.alabianca.it\\\/en\\\/store\\\/ala-bianca-records-en\\\/simona-norato-orde-di-brave-figlie\\\/#breadcrumb\",\"itemListElement\":[{\"@type\":\"ListItem\",\"position\":1,\"name\":\"Home\",\"item\":\"https:\\\/\\\/www.alabianca.it\\\/en\\\/\"},{\"@type\":\"ListItem\",\"position\":2,\"name\":\"Store\",\"item\":\"https:\\\/\\\/www.alabianca.it\\\/en\\\/store\\\/\"},{\"@type\":\"ListItem\",\"position\":3,\"name\":\"Simona Norato &#8211; Orde di brave figlie\"}]},{\"@type\":\"WebSite\",\"@id\":\"https:\\\/\\\/www.alabianca.it\\\/en\\\/#website\",\"url\":\"https:\\\/\\\/www.alabianca.it\\\/en\\\/\",\"name\":\"Alabianca Group\",\"description\":\"Publisher and label\",\"publisher\":{\"@id\":\"https:\\\/\\\/www.alabianca.it\\\/en\\\/#organization\"},\"potentialAction\":[{\"@type\":\"SearchAction\",\"target\":{\"@type\":\"EntryPoint\",\"urlTemplate\":\"https:\\\/\\\/www.alabianca.it\\\/en\\\/?s={search_term_string}\"},\"query-input\":{\"@type\":\"PropertyValueSpecification\",\"valueRequired\":true,\"valueName\":\"search_term_string\"}}],\"inLanguage\":\"en-US\"},{\"@type\":\"Organization\",\"@id\":\"https:\\\/\\\/www.alabianca.it\\\/en\\\/#organization\",\"name\":\"Alabianca Group S.r.l.\",\"url\":\"https:\\\/\\\/www.alabianca.it\\\/en\\\/\",\"logo\":{\"@type\":\"ImageObject\",\"inLanguage\":\"en-US\",\"@id\":\"https:\\\/\\\/www.alabianca.it\\\/en\\\/#\\\/schema\\\/logo\\\/image\\\/\",\"url\":\"https:\\\/\\\/www.alabianca.it\\\/wp-content\\\/uploads\\\/2018\\\/01\\\/alabianca-records-logo-2018-h-3.png\",\"contentUrl\":\"https:\\\/\\\/www.alabianca.it\\\/wp-content\\\/uploads\\\/2018\\\/01\\\/alabianca-records-logo-2018-h-3.png\",\"width\":345,\"height\":133,\"caption\":\"Alabianca Group S.r.l.\"},\"image\":{\"@id\":\"https:\\\/\\\/www.alabianca.it\\\/en\\\/#\\\/schema\\\/logo\\\/image\\\/\"}}]}<\/script>\n<!-- \/ Yoast SEO plugin. -->","yoast_head_json":{"title":"Simona Norato - Orde di brave figlie - Alabianca Group","description":"Buy now Simona Norato - Orde di brave figlie on Alabianca GroupMusic editor and publisher in Modena. Il secondo album della cantautrice.","robots":{"index":"index","follow":"follow","max-snippet":"max-snippet:-1","max-image-preview":"max-image-preview:large","max-video-preview":"max-video-preview:-1"},"canonical":"https:\/\/www.alabianca.it\/en\/store\/ala-bianca-records-en\/simona-norato-orde-di-brave-figlie\/","og_locale":"en_US","og_type":"article","og_title":"Simona Norato - Orde di brave figlie - Alabianca Group","og_description":"Buy now Simona Norato - Orde di brave figlie on Alabianca GroupMusic editor and publisher in Modena. Il secondo album della cantautrice.","og_url":"https:\/\/www.alabianca.it\/en\/store\/ala-bianca-records-en\/simona-norato-orde-di-brave-figlie\/","og_site_name":"Alabianca Group","article_modified_time":"2024-02-26T10:17:06+00:00","og_image":[{"width":1100,"height":1100,"url":"https:\/\/www.alabianca.it\/wp-content\/uploads\/2018\/09\/Simona-Norato.png","type":"image\/png"}],"twitter_card":"summary_large_image","twitter_misc":{"Est. reading time":"2 minutes"},"schema":{"@context":"https:\/\/schema.org","@graph":[{"@type":"WebPage","@id":"https:\/\/www.alabianca.it\/en\/store\/ala-bianca-records-en\/simona-norato-orde-di-brave-figlie\/","url":"https:\/\/www.alabianca.it\/en\/store\/ala-bianca-records-en\/simona-norato-orde-di-brave-figlie\/","name":"Simona Norato - Orde di brave figlie - Alabianca Group","isPartOf":{"@id":"https:\/\/www.alabianca.it\/en\/#website"},"primaryImageOfPage":{"@id":"https:\/\/www.alabianca.it\/en\/store\/ala-bianca-records-en\/simona-norato-orde-di-brave-figlie\/#primaryimage"},"image":{"@id":"https:\/\/www.alabianca.it\/en\/store\/ala-bianca-records-en\/simona-norato-orde-di-brave-figlie\/#primaryimage"},"thumbnailUrl":"https:\/\/www.alabianca.it\/wp-content\/uploads\/2018\/09\/Simona-Norato.png","datePublished":"2018-09-25T12:46:14+00:00","dateModified":"2024-02-26T10:17:06+00:00","description":"Buy now Simona Norato - Orde di brave figlie on Alabianca GroupMusic editor and publisher in Modena. Il secondo album della cantautrice.","breadcrumb":{"@id":"https:\/\/www.alabianca.it\/en\/store\/ala-bianca-records-en\/simona-norato-orde-di-brave-figlie\/#breadcrumb"},"inLanguage":"en-US","potentialAction":[{"@type":"ReadAction","target":["https:\/\/www.alabianca.it\/en\/store\/ala-bianca-records-en\/simona-norato-orde-di-brave-figlie\/"]}]},{"@type":"ImageObject","inLanguage":"en-US","@id":"https:\/\/www.alabianca.it\/en\/store\/ala-bianca-records-en\/simona-norato-orde-di-brave-figlie\/#primaryimage","url":"https:\/\/www.alabianca.it\/wp-content\/uploads\/2018\/09\/Simona-Norato.png","contentUrl":"https:\/\/www.alabianca.it\/wp-content\/uploads\/2018\/09\/Simona-Norato.png","width":1100,"height":1100,"caption":"Cover per Orde di brave figlie, Simona Norato"},{"@type":"BreadcrumbList","@id":"https:\/\/www.alabianca.it\/en\/store\/ala-bianca-records-en\/simona-norato-orde-di-brave-figlie\/#breadcrumb","itemListElement":[{"@type":"ListItem","position":1,"name":"Home","item":"https:\/\/www.alabianca.it\/en\/"},{"@type":"ListItem","position":2,"name":"Store","item":"https:\/\/www.alabianca.it\/en\/store\/"},{"@type":"ListItem","position":3,"name":"Simona Norato &#8211; Orde di brave figlie"}]},{"@type":"WebSite","@id":"https:\/\/www.alabianca.it\/en\/#website","url":"https:\/\/www.alabianca.it\/en\/","name":"Alabianca Group","description":"Publisher and label","publisher":{"@id":"https:\/\/www.alabianca.it\/en\/#organization"},"potentialAction":[{"@type":"SearchAction","target":{"@type":"EntryPoint","urlTemplate":"https:\/\/www.alabianca.it\/en\/?s={search_term_string}"},"query-input":{"@type":"PropertyValueSpecification","valueRequired":true,"valueName":"search_term_string"}}],"inLanguage":"en-US"},{"@type":"Organization","@id":"https:\/\/www.alabianca.it\/en\/#organization","name":"Alabianca Group S.r.l.","url":"https:\/\/www.alabianca.it\/en\/","logo":{"@type":"ImageObject","inLanguage":"en-US","@id":"https:\/\/www.alabianca.it\/en\/#\/schema\/logo\/image\/","url":"https:\/\/www.alabianca.it\/wp-content\/uploads\/2018\/01\/alabianca-records-logo-2018-h-3.png","contentUrl":"https:\/\/www.alabianca.it\/wp-content\/uploads\/2018\/01\/alabianca-records-logo-2018-h-3.png","width":345,"height":133,"caption":"Alabianca Group S.r.l."},"image":{"@id":"https:\/\/www.alabianca.it\/en\/#\/schema\/logo\/image\/"}}]}},"_links":{"self":[{"href":"https:\/\/www.alabianca.it\/en\/wp-json\/wp\/v2\/product\/20458","targetHints":{"allow":["GET"]}}],"collection":[{"href":"https:\/\/www.alabianca.it\/en\/wp-json\/wp\/v2\/product"}],"about":[{"href":"https:\/\/www.alabianca.it\/en\/wp-json\/wp\/v2\/types\/product"}],"wp:featuredmedia":[{"embeddable":true,"href":"https:\/\/www.alabianca.it\/en\/wp-json\/wp\/v2\/media\/5966"}],"wp:attachment":[{"href":"https:\/\/www.alabianca.it\/en\/wp-json\/wp\/v2\/media?parent=20458"}],"wp:term":[{"taxonomy":"product_brand","embeddable":true,"href":"https:\/\/www.alabianca.it\/en\/wp-json\/wp\/v2\/product_brand?post=20458"},{"taxonomy":"product_cat","embeddable":true,"href":"https:\/\/www.alabianca.it\/en\/wp-json\/wp\/v2\/product_cat?post=20458"},{"taxonomy":"product_tag","embeddable":true,"href":"https:\/\/www.alabianca.it\/en\/wp-json\/wp\/v2\/product_tag?post=20458"}],"curies":[{"name":"wp","href":"https:\/\/api.w.org\/{rel}","templated":true}]}}