{"id":2724,"date":"2015-01-23T16:10:23","date_gmt":"2015-01-23T16:10:23","guid":{"rendered":"https:\/\/www.alabianca.it\/store\/uncategorized\/extra-tetes-de-bois-2\/"},"modified":"2024-03-14T08:34:16","modified_gmt":"2024-03-14T08:34:16","slug":"tetes-de-bois-extra","status":"publish","type":"product","link":"https:\/\/www.alabianca.it\/en\/store\/ala-bianca-records-en\/tetes-de-bois-extra\/","title":{"rendered":"T\u00eates de Bois &#8211; EXTRA"},"content":{"rendered":"<p>Twelve years after their previous work, <a href=\"https:\/\/it.wikipedia.org\/wiki\/T%C3%AAtes_de_Bois\"><strong>T\u00eates de Bois<\/strong><\/a> return to confront the repertoire of <em>L\u00e9o Ferr\u00e9<\/em> in <em><strong>EXTRA<\/strong><\/em>.<br \/>\nA way to remember the great French artist 20 years after his death.<br \/>\n<strong>Extra<\/strong> is the outcome of two years spent by the band re-listening to over four hundred of Ferr\u00e9&#8217;s songs.<br \/>\nIn the end they chose ten songs, trying to give them a faithful but somehow also current Italian translation.<\/p>\n<h2>T\u00eates de Bois &#8211; EXTRA : The songs<\/h2>\n<p>This is <em>Tango<\/em>,\u00a0an unreleased text, never set to music by Ferr\u00e9, a splendid little gem, given to the T\u00eates de Bois by his son Mathieu, who also gave them the opportunity to use Ferr\u00e9&#8217;s own piano, played on all the tracks on the album.<\/p>\n<p>In every note of this record you can really hear Ferr\u00e9&#8217;s music and poetry.<br \/>\nT\u00eates de Bois take a huge risk by remaking<em> &#8220;Il mare e la memoria&#8221; <\/em>one of the masterpieces of Ferr\u00e9&#8217;s songbook. A masterpiece thanks to the impeccable and poetic Italian translation, the touching and heartfelt interpretation and the perfection of the musical arrangement.<em><br \/>\nExtra<\/em>, another great classic of the French singer-songwriter taken up in a personal way, is a ballad with a great melodic opening, played on trumpet and piano, one of the most beautiful love songs ever.<br \/>\n&#8220;<em>Tu non dici mai niente&#8221;<\/em>, still one of the high points of Ferr\u00e9&#8217;s songbook, here in <strong>Enrico Medail<\/strong>&#8216;s Italian translation.<em><br \/>\n<\/em>In &#8220;<em>La maliziosa<\/em>&#8221; we find them grappling with a text by <strong>Arthur Rimbaud<\/strong>, for a song in which the piano and voice stand out, colored with sadness and sweetness by the trumpet.<br \/>\nTwo traks built by Ferr\u00e9 on poetry by <em>Paul Verlaine<\/em>: &#8220;<em>Ti rivedo ancora<\/em>&#8220;, a soft and intense poem, and <em>&#8220;Pattinava\u2026<\/em>&#8220;.<br \/>\nNot missing among the French poets taken up by Ferr\u00e9 is <strong>Charles Baudelaire<\/strong>, although there is no version of this &#8220;<em>L&#8217;eautontimorumenos<\/em>&#8221; in the official discography.<br \/>\nThe Romans listened to a voice and piano version of it recorded on an old cassette tape, and turned it into an electric, tense, brilliant song, in which they prove that they are great musicians, as demonstrated by the arrangements and performances of &#8220;<em>Felici come mai<\/em>&#8221; and &#8220;<em>Se te ne vai<\/em>.&#8221;<br \/>\nIn closing there is room for a bonus track, &#8220;<em>Il tuo stile,<\/em>&#8221; already featured on the previous work with guest <strong>Francesco di Giacomo<\/strong>.<\/p>\n","protected":false},"excerpt":{"rendered":"<p>Twelve years after their previous work, T\u00eates de Bois return to confront the repertoire of L\u00e9o Ferr\u00e9 in EXTRA. A way to remember the great French artist 20 years after his death. Extra is the outcome of two years spent by the band re-listening to over four hundred of Ferr\u00e9&#8217;s songs. In the end they [&hellip;]<\/p>\n","protected":false},"featured_media":20576,"template":"","meta":{"_acf_changed":false},"product_brand":[],"product_cat":[778],"product_tag":[793],"class_list":{"0":"post-2724","1":"product","2":"type-product","3":"status-publish","4":"has-post-thumbnail","6":"product_cat-ala-bianca-records-en","7":"product_tag-tetes-de-bois-en","8":"pa_genere-rocksoulfunkyjazzfolk-en","9":"pa_genere-canzone-dautore-en","11":"first","12":"instock","13":"taxable","14":"shipping-taxable","15":"purchasable","16":"product-type-simple"},"acf":[],"yoast_head":"<!-- This site is optimized with the Yoast SEO plugin v27.4 - https:\/\/yoast.com\/product\/yoast-seo-wordpress\/ -->\n<title>T\u00eates de Bois - EXTRA - Alabianca Group<\/title>\n<meta name=\"description\" content=\"Buy now T\u00eates De Bois - EXTRA on Ala Bianca Group - Editor and music publisher in Modena. The return of the band twelve years later.\" \/>\n<meta name=\"robots\" content=\"index, follow, max-snippet:-1, max-image-preview:large, max-video-preview:-1\" \/>\n<link rel=\"canonical\" href=\"https:\/\/www.alabianca.it\/en\/store\/ala-bianca-records-en\/tetes-de-bois-extra\/\" \/>\n<meta property=\"og:locale\" content=\"en_US\" \/>\n<meta property=\"og:type\" content=\"article\" \/>\n<meta property=\"og:title\" content=\"T\u00eates de Bois - EXTRA - Alabianca Group\" \/>\n<meta property=\"og:description\" content=\"Buy now T\u00eates De Bois - EXTRA on Ala Bianca Group - Editor and music publisher in Modena. The return of the band twelve years later.\" \/>\n<meta property=\"og:url\" content=\"https:\/\/www.alabianca.it\/en\/store\/ala-bianca-records-en\/tetes-de-bois-extra\/\" \/>\n<meta property=\"og:site_name\" content=\"Alabianca Group\" \/>\n<meta property=\"article:modified_time\" content=\"2024-03-14T08:34:16+00:00\" \/>\n<meta property=\"og:image\" content=\"https:\/\/www.alabianca.it\/wp-content\/uploads\/2015\/01\/Extra.png\" \/>\n\t<meta property=\"og:image:width\" content=\"1425\" \/>\n\t<meta property=\"og:image:height\" content=\"1425\" \/>\n\t<meta property=\"og:image:type\" content=\"image\/png\" \/>\n<meta name=\"twitter:card\" content=\"summary_large_image\" \/>\n<meta name=\"twitter:label1\" content=\"Est. reading time\" \/>\n\t<meta name=\"twitter:data1\" content=\"3 minutes\" \/>\n<script type=\"application\/ld+json\" class=\"yoast-schema-graph\">{\"@context\":\"https:\\\/\\\/schema.org\",\"@graph\":[{\"@type\":\"WebPage\",\"@id\":\"https:\\\/\\\/www.alabianca.it\\\/en\\\/store\\\/ala-bianca-records-en\\\/tetes-de-bois-extra\\\/\",\"url\":\"https:\\\/\\\/www.alabianca.it\\\/en\\\/store\\\/ala-bianca-records-en\\\/tetes-de-bois-extra\\\/\",\"name\":\"T\u00eates de Bois - EXTRA - Alabianca Group\",\"isPartOf\":{\"@id\":\"https:\\\/\\\/www.alabianca.it\\\/en\\\/#website\"},\"primaryImageOfPage\":{\"@id\":\"https:\\\/\\\/www.alabianca.it\\\/en\\\/store\\\/ala-bianca-records-en\\\/tetes-de-bois-extra\\\/#primaryimage\"},\"image\":{\"@id\":\"https:\\\/\\\/www.alabianca.it\\\/en\\\/store\\\/ala-bianca-records-en\\\/tetes-de-bois-extra\\\/#primaryimage\"},\"thumbnailUrl\":\"https:\\\/\\\/www.alabianca.it\\\/wp-content\\\/uploads\\\/2015\\\/01\\\/Extra.png\",\"datePublished\":\"2015-01-23T16:10:23+00:00\",\"dateModified\":\"2024-03-14T08:34:16+00:00\",\"description\":\"Buy now T\u00eates De Bois - EXTRA on Ala Bianca Group - Editor and music publisher in Modena. The return of the band twelve years later.\",\"breadcrumb\":{\"@id\":\"https:\\\/\\\/www.alabianca.it\\\/en\\\/store\\\/ala-bianca-records-en\\\/tetes-de-bois-extra\\\/#breadcrumb\"},\"inLanguage\":\"en-US\",\"potentialAction\":[{\"@type\":\"ReadAction\",\"target\":[\"https:\\\/\\\/www.alabianca.it\\\/en\\\/store\\\/ala-bianca-records-en\\\/tetes-de-bois-extra\\\/\"]}]},{\"@type\":\"ImageObject\",\"inLanguage\":\"en-US\",\"@id\":\"https:\\\/\\\/www.alabianca.it\\\/en\\\/store\\\/ala-bianca-records-en\\\/tetes-de-bois-extra\\\/#primaryimage\",\"url\":\"https:\\\/\\\/www.alabianca.it\\\/wp-content\\\/uploads\\\/2015\\\/01\\\/Extra.png\",\"contentUrl\":\"https:\\\/\\\/www.alabianca.it\\\/wp-content\\\/uploads\\\/2015\\\/01\\\/Extra.png\",\"width\":1425,\"height\":1425,\"caption\":\"Cover di \\\"Extra\\\" dei Tetes de bois. L'Album contiene alcuni dei pi\u00f9 grandi successi del repertorio di L\u00e9o Ferr\u00e9, pubbllicato a vent'anni dalla sua morte.\"},{\"@type\":\"BreadcrumbList\",\"@id\":\"https:\\\/\\\/www.alabianca.it\\\/en\\\/store\\\/ala-bianca-records-en\\\/tetes-de-bois-extra\\\/#breadcrumb\",\"itemListElement\":[{\"@type\":\"ListItem\",\"position\":1,\"name\":\"Home\",\"item\":\"https:\\\/\\\/www.alabianca.it\\\/en\\\/\"},{\"@type\":\"ListItem\",\"position\":2,\"name\":\"Store\",\"item\":\"https:\\\/\\\/www.alabianca.it\\\/en\\\/store\\\/\"},{\"@type\":\"ListItem\",\"position\":3,\"name\":\"T\u00eates de Bois &#8211; EXTRA\"}]},{\"@type\":\"WebSite\",\"@id\":\"https:\\\/\\\/www.alabianca.it\\\/en\\\/#website\",\"url\":\"https:\\\/\\\/www.alabianca.it\\\/en\\\/\",\"name\":\"Alabianca Group\",\"description\":\"Publisher and label\",\"publisher\":{\"@id\":\"https:\\\/\\\/www.alabianca.it\\\/en\\\/#organization\"},\"potentialAction\":[{\"@type\":\"SearchAction\",\"target\":{\"@type\":\"EntryPoint\",\"urlTemplate\":\"https:\\\/\\\/www.alabianca.it\\\/en\\\/?s={search_term_string}\"},\"query-input\":{\"@type\":\"PropertyValueSpecification\",\"valueRequired\":true,\"valueName\":\"search_term_string\"}}],\"inLanguage\":\"en-US\"},{\"@type\":\"Organization\",\"@id\":\"https:\\\/\\\/www.alabianca.it\\\/en\\\/#organization\",\"name\":\"Alabianca Group S.r.l.\",\"url\":\"https:\\\/\\\/www.alabianca.it\\\/en\\\/\",\"logo\":{\"@type\":\"ImageObject\",\"inLanguage\":\"en-US\",\"@id\":\"https:\\\/\\\/www.alabianca.it\\\/en\\\/#\\\/schema\\\/logo\\\/image\\\/\",\"url\":\"https:\\\/\\\/www.alabianca.it\\\/wp-content\\\/uploads\\\/2018\\\/01\\\/alabianca-records-logo-2018-h-3.png\",\"contentUrl\":\"https:\\\/\\\/www.alabianca.it\\\/wp-content\\\/uploads\\\/2018\\\/01\\\/alabianca-records-logo-2018-h-3.png\",\"width\":345,\"height\":133,\"caption\":\"Alabianca Group S.r.l.\"},\"image\":{\"@id\":\"https:\\\/\\\/www.alabianca.it\\\/en\\\/#\\\/schema\\\/logo\\\/image\\\/\"}}]}<\/script>\n<!-- \/ Yoast SEO plugin. -->","yoast_head_json":{"title":"T\u00eates de Bois - EXTRA - Alabianca Group","description":"Buy now T\u00eates De Bois - EXTRA on Ala Bianca Group - Editor and music publisher in Modena. The return of the band twelve years later.","robots":{"index":"index","follow":"follow","max-snippet":"max-snippet:-1","max-image-preview":"max-image-preview:large","max-video-preview":"max-video-preview:-1"},"canonical":"https:\/\/www.alabianca.it\/en\/store\/ala-bianca-records-en\/tetes-de-bois-extra\/","og_locale":"en_US","og_type":"article","og_title":"T\u00eates de Bois - EXTRA - Alabianca Group","og_description":"Buy now T\u00eates De Bois - EXTRA on Ala Bianca Group - Editor and music publisher in Modena. The return of the band twelve years later.","og_url":"https:\/\/www.alabianca.it\/en\/store\/ala-bianca-records-en\/tetes-de-bois-extra\/","og_site_name":"Alabianca Group","article_modified_time":"2024-03-14T08:34:16+00:00","og_image":[{"width":1425,"height":1425,"url":"https:\/\/www.alabianca.it\/wp-content\/uploads\/2015\/01\/Extra.png","type":"image\/png"}],"twitter_card":"summary_large_image","twitter_misc":{"Est. reading time":"3 minutes"},"schema":{"@context":"https:\/\/schema.org","@graph":[{"@type":"WebPage","@id":"https:\/\/www.alabianca.it\/en\/store\/ala-bianca-records-en\/tetes-de-bois-extra\/","url":"https:\/\/www.alabianca.it\/en\/store\/ala-bianca-records-en\/tetes-de-bois-extra\/","name":"T\u00eates de Bois - EXTRA - Alabianca Group","isPartOf":{"@id":"https:\/\/www.alabianca.it\/en\/#website"},"primaryImageOfPage":{"@id":"https:\/\/www.alabianca.it\/en\/store\/ala-bianca-records-en\/tetes-de-bois-extra\/#primaryimage"},"image":{"@id":"https:\/\/www.alabianca.it\/en\/store\/ala-bianca-records-en\/tetes-de-bois-extra\/#primaryimage"},"thumbnailUrl":"https:\/\/www.alabianca.it\/wp-content\/uploads\/2015\/01\/Extra.png","datePublished":"2015-01-23T16:10:23+00:00","dateModified":"2024-03-14T08:34:16+00:00","description":"Buy now T\u00eates De Bois - EXTRA on Ala Bianca Group - Editor and music publisher in Modena. The return of the band twelve years later.","breadcrumb":{"@id":"https:\/\/www.alabianca.it\/en\/store\/ala-bianca-records-en\/tetes-de-bois-extra\/#breadcrumb"},"inLanguage":"en-US","potentialAction":[{"@type":"ReadAction","target":["https:\/\/www.alabianca.it\/en\/store\/ala-bianca-records-en\/tetes-de-bois-extra\/"]}]},{"@type":"ImageObject","inLanguage":"en-US","@id":"https:\/\/www.alabianca.it\/en\/store\/ala-bianca-records-en\/tetes-de-bois-extra\/#primaryimage","url":"https:\/\/www.alabianca.it\/wp-content\/uploads\/2015\/01\/Extra.png","contentUrl":"https:\/\/www.alabianca.it\/wp-content\/uploads\/2015\/01\/Extra.png","width":1425,"height":1425,"caption":"Cover di \"Extra\" dei Tetes de bois. L'Album contiene alcuni dei pi\u00f9 grandi successi del repertorio di L\u00e9o Ferr\u00e9, pubbllicato a vent'anni dalla sua morte."},{"@type":"BreadcrumbList","@id":"https:\/\/www.alabianca.it\/en\/store\/ala-bianca-records-en\/tetes-de-bois-extra\/#breadcrumb","itemListElement":[{"@type":"ListItem","position":1,"name":"Home","item":"https:\/\/www.alabianca.it\/en\/"},{"@type":"ListItem","position":2,"name":"Store","item":"https:\/\/www.alabianca.it\/en\/store\/"},{"@type":"ListItem","position":3,"name":"T\u00eates de Bois &#8211; EXTRA"}]},{"@type":"WebSite","@id":"https:\/\/www.alabianca.it\/en\/#website","url":"https:\/\/www.alabianca.it\/en\/","name":"Alabianca Group","description":"Publisher and label","publisher":{"@id":"https:\/\/www.alabianca.it\/en\/#organization"},"potentialAction":[{"@type":"SearchAction","target":{"@type":"EntryPoint","urlTemplate":"https:\/\/www.alabianca.it\/en\/?s={search_term_string}"},"query-input":{"@type":"PropertyValueSpecification","valueRequired":true,"valueName":"search_term_string"}}],"inLanguage":"en-US"},{"@type":"Organization","@id":"https:\/\/www.alabianca.it\/en\/#organization","name":"Alabianca Group S.r.l.","url":"https:\/\/www.alabianca.it\/en\/","logo":{"@type":"ImageObject","inLanguage":"en-US","@id":"https:\/\/www.alabianca.it\/en\/#\/schema\/logo\/image\/","url":"https:\/\/www.alabianca.it\/wp-content\/uploads\/2018\/01\/alabianca-records-logo-2018-h-3.png","contentUrl":"https:\/\/www.alabianca.it\/wp-content\/uploads\/2018\/01\/alabianca-records-logo-2018-h-3.png","width":345,"height":133,"caption":"Alabianca Group S.r.l."},"image":{"@id":"https:\/\/www.alabianca.it\/en\/#\/schema\/logo\/image\/"}}]}},"_links":{"self":[{"href":"https:\/\/www.alabianca.it\/en\/wp-json\/wp\/v2\/product\/2724","targetHints":{"allow":["GET"]}}],"collection":[{"href":"https:\/\/www.alabianca.it\/en\/wp-json\/wp\/v2\/product"}],"about":[{"href":"https:\/\/www.alabianca.it\/en\/wp-json\/wp\/v2\/types\/product"}],"wp:featuredmedia":[{"embeddable":true,"href":"https:\/\/www.alabianca.it\/en\/wp-json\/wp\/v2\/media\/20576"}],"wp:attachment":[{"href":"https:\/\/www.alabianca.it\/en\/wp-json\/wp\/v2\/media?parent=2724"}],"wp:term":[{"taxonomy":"product_brand","embeddable":true,"href":"https:\/\/www.alabianca.it\/en\/wp-json\/wp\/v2\/product_brand?post=2724"},{"taxonomy":"product_cat","embeddable":true,"href":"https:\/\/www.alabianca.it\/en\/wp-json\/wp\/v2\/product_cat?post=2724"},{"taxonomy":"product_tag","embeddable":true,"href":"https:\/\/www.alabianca.it\/en\/wp-json\/wp\/v2\/product_tag?post=2724"}],"curies":[{"name":"wp","href":"https:\/\/api.w.org\/{rel}","templated":true}]}}