{"id":1744,"date":"2015-01-23T16:07:23","date_gmt":"2015-01-23T16:07:23","guid":{"rendered":"https:\/\/www.alabianca.it\/?product=crapapelata-vol-3-aa-vv"},"modified":"2021-03-01T15:54:32","modified_gmt":"2021-03-01T15:54:32","slug":"crapapelata-vol-3-aa-vv","status":"publish","type":"product","link":"https:\/\/www.alabianca.it\/it\/store\/ala-bianca-records\/crapapelata-vol-3-aa-vv\/","title":{"rendered":"Crapapelata &#8211; vol. 3"},"content":{"rendered":"<h2>Info<\/h2>\n<p>Per presentare questa terza compilation di CRAPAPELATA, la storica trasmissione per bambini della domenica mattina di Radio Popolare (107,600), abbiamo pensato di partire dalla copertina., disegnata da Marina Shoenstein, indiscutibilmente bella, nessun altra immagine potrebbe meglio raccontare una storia che dura da trent&#8217;anni. la storia \u00e8 quella di CRAPAPELATA una trasmissione, iniziata quasi per sfida nel 1981 che continua a raccontare e informare i bambini di almeno tre generazioni.<br \/>\nIl leggiadro volo della mucca-farfalla, ali spiegate, occhi socchiusi e muso proteso in avanti, ci solleva da terra e ci conduce con leggerezza in una dimensione di sogni, desideri e fantasie dei piccoli e grandi ascoltatori della domenica mattina, a Radio Popolare.<br \/>\nLa mucca-farfalla \u00e8 anche una canzone che vogliamo riproporre in questo cd per coloro che da anni la rincorrono, senza riuscire ad afferrarla: MUCCALLA!<br \/>\nNel festeggiare questi 30 anni di domeniche mattina, tra bambine e bambini di et\u00e0, cultura e lingua diverse, presenti negli studi della radio, o al telefono da tutte le zone della Lombardia ed oltre, abbiamo pensato di riproporre la colonna sonora di CRAPAPELATA.<\/p>\n<p>Ascoltare questo cd \u00e8 come salire su di treno ideale, il treno della libert\u00e0, avere per compagni di viaggio animali fantastici e reali (cammelli, dromedari, lupi, galline oche cuoche, serpenti..), ballare e cantare al suono di musiche provenienti da altri Paesi o da colonne sonore famose, sedere al fianco di un amico invisibile e iniziare un lungo viaggio insieme a un bambino nato nel 2000 e a chi non ha paura nel sentirsi ancora piccolo&#8230;<\/p>\n<p>La musica e i testi di queste canzoni, composte da autori prestigiosi del mondo della cultura, sono state scritte e pensate nel rispetto della dignit\u00e0 dei bambini: non si scimmiottano i grandi e non si propongono modelli di comportamento omologati e omologanti.<br \/>\nLe canzoni che si ascoltano a CRAPAPELATA trasmettono divertimento intelligente e mai convenzionale.<\/p>\n<p>Questa nuova raccolta di CRAPAPELATA soddisfer\u00e0 i palati pi\u00f9 esigenti che, com&#8217;\u00e8 noto, sono quelli dei bambini.<br \/>\n<em>Daniela Bastianoni<\/em><\/p>\n","protected":false},"excerpt":{"rendered":"<p>Info Per presentare questa terza compilation di CRAPAPELATA, la storica trasmissione per bambini della domenica mattina di Radio Popolare (107,600), abbiamo pensato di partire dalla copertina., disegnata da Marina Shoenstein, indiscutibilmente bella, nessun altra immagine potrebbe meglio raccontare una storia che dura da trent&#8217;anni. la storia \u00e8 quella di CRAPAPELATA una trasmissione, iniziata quasi per [&hellip;]<\/p>\n","protected":false},"featured_media":1745,"template":"","meta":{"_acf_changed":false},"product_brand":[],"product_cat":[437],"product_tag":[442],"class_list":{"0":"post-1744","1":"product","2":"type-product","3":"status-publish","4":"has-post-thumbnail","6":"product_cat-ala-bianca-records","7":"product_tag-aa-vv","8":"pa_genere-musica-varia","9":"pa_supporto-cd","11":"first","12":"outofstock","13":"taxable","14":"shipping-taxable","15":"purchasable","16":"product-type-simple"},"acf":[],"yoast_head":"<!-- This site is optimized with the Yoast SEO plugin v27.5 - https:\/\/yoast.com\/product\/yoast-seo-wordpress\/ -->\n<title>Crapapelata - vol. 3 - Ala Bianca Group<\/title>\n<meta name=\"description\" content=\"Acquista ora Crapapelata - vol. 3 su Ala Bianca Group Editore e produttore discografico a Modena.\" \/>\n<meta name=\"robots\" content=\"index, follow, max-snippet:-1, max-image-preview:large, max-video-preview:-1\" \/>\n<link rel=\"canonical\" href=\"https:\/\/www.alabianca.it\/it\/store\/ala-bianca-records\/crapapelata-vol-3-aa-vv\/\" \/>\n<meta property=\"og:locale\" content=\"it_IT\" \/>\n<meta property=\"og:type\" content=\"article\" \/>\n<meta property=\"og:title\" content=\"Crapapelata - vol. 3 - Ala Bianca Group\" \/>\n<meta property=\"og:description\" content=\"Acquista ora Crapapelata - vol. 3 su Ala Bianca Group Editore e produttore discografico a Modena.\" \/>\n<meta property=\"og:url\" content=\"https:\/\/www.alabianca.it\/it\/store\/ala-bianca-records\/crapapelata-vol-3-aa-vv\/\" \/>\n<meta property=\"og:site_name\" content=\"Ala Bianca Group\" \/>\n<meta property=\"article:modified_time\" content=\"2021-03-01T15:54:32+00:00\" \/>\n<meta property=\"og:image\" content=\"https:\/\/www.alabianca.it\/wp-content\/uploads\/2015\/01\/Crapapelata___vo_4ee6222cb89bf.jpg\" \/>\n\t<meta property=\"og:image:width\" content=\"282\" \/>\n\t<meta property=\"og:image:height\" content=\"271\" \/>\n\t<meta property=\"og:image:type\" content=\"image\/jpeg\" \/>\n<meta name=\"twitter:card\" content=\"summary_large_image\" \/>\n<meta name=\"twitter:label1\" content=\"Tempo di lettura stimato\" \/>\n\t<meta name=\"twitter:data1\" content=\"2 minuti\" \/>\n<script type=\"application\/ld+json\" class=\"yoast-schema-graph\">{\"@context\":\"https:\\\/\\\/schema.org\",\"@graph\":[{\"@type\":\"WebPage\",\"@id\":\"https:\\\/\\\/www.alabianca.it\\\/it\\\/store\\\/ala-bianca-records\\\/crapapelata-vol-3-aa-vv\\\/\",\"url\":\"https:\\\/\\\/www.alabianca.it\\\/it\\\/store\\\/ala-bianca-records\\\/crapapelata-vol-3-aa-vv\\\/\",\"name\":\"Crapapelata - vol. 3 - Ala Bianca Group\",\"isPartOf\":{\"@id\":\"https:\\\/\\\/www.alabianca.it\\\/it\\\/#website\"},\"primaryImageOfPage\":{\"@id\":\"https:\\\/\\\/www.alabianca.it\\\/it\\\/store\\\/ala-bianca-records\\\/crapapelata-vol-3-aa-vv\\\/#primaryimage\"},\"image\":{\"@id\":\"https:\\\/\\\/www.alabianca.it\\\/it\\\/store\\\/ala-bianca-records\\\/crapapelata-vol-3-aa-vv\\\/#primaryimage\"},\"thumbnailUrl\":\"https:\\\/\\\/www.alabianca.it\\\/wp-content\\\/uploads\\\/2015\\\/01\\\/Crapapelata___vo_4ee6222cb89bf.jpg\",\"datePublished\":\"2015-01-23T16:07:23+00:00\",\"dateModified\":\"2021-03-01T15:54:32+00:00\",\"description\":\"Acquista ora Crapapelata - vol. 3 su Ala Bianca Group Editore e produttore discografico a Modena.\",\"breadcrumb\":{\"@id\":\"https:\\\/\\\/www.alabianca.it\\\/it\\\/store\\\/ala-bianca-records\\\/crapapelata-vol-3-aa-vv\\\/#breadcrumb\"},\"inLanguage\":\"it-IT\",\"potentialAction\":[{\"@type\":\"ReadAction\",\"target\":[\"https:\\\/\\\/www.alabianca.it\\\/it\\\/store\\\/ala-bianca-records\\\/crapapelata-vol-3-aa-vv\\\/\"]}]},{\"@type\":\"ImageObject\",\"inLanguage\":\"it-IT\",\"@id\":\"https:\\\/\\\/www.alabianca.it\\\/it\\\/store\\\/ala-bianca-records\\\/crapapelata-vol-3-aa-vv\\\/#primaryimage\",\"url\":\"https:\\\/\\\/www.alabianca.it\\\/wp-content\\\/uploads\\\/2015\\\/01\\\/Crapapelata___vo_4ee6222cb89bf.jpg\",\"contentUrl\":\"https:\\\/\\\/www.alabianca.it\\\/wp-content\\\/uploads\\\/2015\\\/01\\\/Crapapelata___vo_4ee6222cb89bf.jpg\",\"width\":282,\"height\":271},{\"@type\":\"BreadcrumbList\",\"@id\":\"https:\\\/\\\/www.alabianca.it\\\/it\\\/store\\\/ala-bianca-records\\\/crapapelata-vol-3-aa-vv\\\/#breadcrumb\",\"itemListElement\":[{\"@type\":\"ListItem\",\"position\":1,\"name\":\"Home\",\"item\":\"https:\\\/\\\/www.alabianca.it\\\/it\\\/\"},{\"@type\":\"ListItem\",\"position\":2,\"name\":\"Store\",\"item\":\"https:\\\/\\\/www.alabianca.it\\\/it\\\/store\\\/\"},{\"@type\":\"ListItem\",\"position\":3,\"name\":\"Crapapelata &#8211; vol. 3\"}]},{\"@type\":\"WebSite\",\"@id\":\"https:\\\/\\\/www.alabianca.it\\\/it\\\/#website\",\"url\":\"https:\\\/\\\/www.alabianca.it\\\/it\\\/\",\"name\":\"Ala Bianca Group\",\"description\":\"Editore e produttore discografico\",\"publisher\":{\"@id\":\"https:\\\/\\\/www.alabianca.it\\\/it\\\/#organization\"},\"potentialAction\":[{\"@type\":\"SearchAction\",\"target\":{\"@type\":\"EntryPoint\",\"urlTemplate\":\"https:\\\/\\\/www.alabianca.it\\\/it\\\/?s={search_term_string}\"},\"query-input\":{\"@type\":\"PropertyValueSpecification\",\"valueRequired\":true,\"valueName\":\"search_term_string\"}}],\"inLanguage\":\"it-IT\"},{\"@type\":\"Organization\",\"@id\":\"https:\\\/\\\/www.alabianca.it\\\/it\\\/#organization\",\"name\":\"Alabianca Group S.r.l.\",\"url\":\"https:\\\/\\\/www.alabianca.it\\\/it\\\/\",\"logo\":{\"@type\":\"ImageObject\",\"inLanguage\":\"it-IT\",\"@id\":\"https:\\\/\\\/www.alabianca.it\\\/it\\\/#\\\/schema\\\/logo\\\/image\\\/\",\"url\":\"https:\\\/\\\/www.alabianca.it\\\/wp-content\\\/uploads\\\/2018\\\/01\\\/alabianca-records-logo-2018-h-3.png\",\"contentUrl\":\"https:\\\/\\\/www.alabianca.it\\\/wp-content\\\/uploads\\\/2018\\\/01\\\/alabianca-records-logo-2018-h-3.png\",\"width\":345,\"height\":133,\"caption\":\"Alabianca Group S.r.l.\"},\"image\":{\"@id\":\"https:\\\/\\\/www.alabianca.it\\\/it\\\/#\\\/schema\\\/logo\\\/image\\\/\"}}]}<\/script>\n<!-- \/ Yoast SEO plugin. -->","yoast_head_json":{"title":"Crapapelata - vol. 3 - Ala Bianca Group","description":"Acquista ora Crapapelata - vol. 3 su Ala Bianca Group Editore e produttore discografico a Modena.","robots":{"index":"index","follow":"follow","max-snippet":"max-snippet:-1","max-image-preview":"max-image-preview:large","max-video-preview":"max-video-preview:-1"},"canonical":"https:\/\/www.alabianca.it\/it\/store\/ala-bianca-records\/crapapelata-vol-3-aa-vv\/","og_locale":"it_IT","og_type":"article","og_title":"Crapapelata - vol. 3 - Ala Bianca Group","og_description":"Acquista ora Crapapelata - vol. 3 su Ala Bianca Group Editore e produttore discografico a Modena.","og_url":"https:\/\/www.alabianca.it\/it\/store\/ala-bianca-records\/crapapelata-vol-3-aa-vv\/","og_site_name":"Ala Bianca Group","article_modified_time":"2021-03-01T15:54:32+00:00","og_image":[{"width":282,"height":271,"url":"https:\/\/www.alabianca.it\/wp-content\/uploads\/2015\/01\/Crapapelata___vo_4ee6222cb89bf.jpg","type":"image\/jpeg"}],"twitter_card":"summary_large_image","twitter_misc":{"Tempo di lettura stimato":"2 minuti"},"schema":{"@context":"https:\/\/schema.org","@graph":[{"@type":"WebPage","@id":"https:\/\/www.alabianca.it\/it\/store\/ala-bianca-records\/crapapelata-vol-3-aa-vv\/","url":"https:\/\/www.alabianca.it\/it\/store\/ala-bianca-records\/crapapelata-vol-3-aa-vv\/","name":"Crapapelata - vol. 3 - Ala Bianca Group","isPartOf":{"@id":"https:\/\/www.alabianca.it\/it\/#website"},"primaryImageOfPage":{"@id":"https:\/\/www.alabianca.it\/it\/store\/ala-bianca-records\/crapapelata-vol-3-aa-vv\/#primaryimage"},"image":{"@id":"https:\/\/www.alabianca.it\/it\/store\/ala-bianca-records\/crapapelata-vol-3-aa-vv\/#primaryimage"},"thumbnailUrl":"https:\/\/www.alabianca.it\/wp-content\/uploads\/2015\/01\/Crapapelata___vo_4ee6222cb89bf.jpg","datePublished":"2015-01-23T16:07:23+00:00","dateModified":"2021-03-01T15:54:32+00:00","description":"Acquista ora Crapapelata - vol. 3 su Ala Bianca Group Editore e produttore discografico a Modena.","breadcrumb":{"@id":"https:\/\/www.alabianca.it\/it\/store\/ala-bianca-records\/crapapelata-vol-3-aa-vv\/#breadcrumb"},"inLanguage":"it-IT","potentialAction":[{"@type":"ReadAction","target":["https:\/\/www.alabianca.it\/it\/store\/ala-bianca-records\/crapapelata-vol-3-aa-vv\/"]}]},{"@type":"ImageObject","inLanguage":"it-IT","@id":"https:\/\/www.alabianca.it\/it\/store\/ala-bianca-records\/crapapelata-vol-3-aa-vv\/#primaryimage","url":"https:\/\/www.alabianca.it\/wp-content\/uploads\/2015\/01\/Crapapelata___vo_4ee6222cb89bf.jpg","contentUrl":"https:\/\/www.alabianca.it\/wp-content\/uploads\/2015\/01\/Crapapelata___vo_4ee6222cb89bf.jpg","width":282,"height":271},{"@type":"BreadcrumbList","@id":"https:\/\/www.alabianca.it\/it\/store\/ala-bianca-records\/crapapelata-vol-3-aa-vv\/#breadcrumb","itemListElement":[{"@type":"ListItem","position":1,"name":"Home","item":"https:\/\/www.alabianca.it\/it\/"},{"@type":"ListItem","position":2,"name":"Store","item":"https:\/\/www.alabianca.it\/it\/store\/"},{"@type":"ListItem","position":3,"name":"Crapapelata &#8211; vol. 3"}]},{"@type":"WebSite","@id":"https:\/\/www.alabianca.it\/it\/#website","url":"https:\/\/www.alabianca.it\/it\/","name":"Ala Bianca Group","description":"Editore e produttore discografico","publisher":{"@id":"https:\/\/www.alabianca.it\/it\/#organization"},"potentialAction":[{"@type":"SearchAction","target":{"@type":"EntryPoint","urlTemplate":"https:\/\/www.alabianca.it\/it\/?s={search_term_string}"},"query-input":{"@type":"PropertyValueSpecification","valueRequired":true,"valueName":"search_term_string"}}],"inLanguage":"it-IT"},{"@type":"Organization","@id":"https:\/\/www.alabianca.it\/it\/#organization","name":"Alabianca Group S.r.l.","url":"https:\/\/www.alabianca.it\/it\/","logo":{"@type":"ImageObject","inLanguage":"it-IT","@id":"https:\/\/www.alabianca.it\/it\/#\/schema\/logo\/image\/","url":"https:\/\/www.alabianca.it\/wp-content\/uploads\/2018\/01\/alabianca-records-logo-2018-h-3.png","contentUrl":"https:\/\/www.alabianca.it\/wp-content\/uploads\/2018\/01\/alabianca-records-logo-2018-h-3.png","width":345,"height":133,"caption":"Alabianca Group S.r.l."},"image":{"@id":"https:\/\/www.alabianca.it\/it\/#\/schema\/logo\/image\/"}}]}},"_links":{"self":[{"href":"https:\/\/www.alabianca.it\/it\/wp-json\/wp\/v2\/product\/1744","targetHints":{"allow":["GET"]}}],"collection":[{"href":"https:\/\/www.alabianca.it\/it\/wp-json\/wp\/v2\/product"}],"about":[{"href":"https:\/\/www.alabianca.it\/it\/wp-json\/wp\/v2\/types\/product"}],"wp:featuredmedia":[{"embeddable":true,"href":"https:\/\/www.alabianca.it\/it\/wp-json\/wp\/v2\/media\/1745"}],"wp:attachment":[{"href":"https:\/\/www.alabianca.it\/it\/wp-json\/wp\/v2\/media?parent=1744"}],"wp:term":[{"taxonomy":"product_brand","embeddable":true,"href":"https:\/\/www.alabianca.it\/it\/wp-json\/wp\/v2\/product_brand?post=1744"},{"taxonomy":"product_cat","embeddable":true,"href":"https:\/\/www.alabianca.it\/it\/wp-json\/wp\/v2\/product_cat?post=1744"},{"taxonomy":"product_tag","embeddable":true,"href":"https:\/\/www.alabianca.it\/it\/wp-json\/wp\/v2\/product_tag?post=1744"}],"curies":[{"name":"wp","href":"https:\/\/api.w.org\/{rel}","templated":true}]}}