{"id":1789,"date":"2015-01-23T16:07:23","date_gmt":"2015-01-23T16:07:23","guid":{"rendered":"https:\/\/www.alabianca.it\/?product=lo-specchio-e-l-aspirina-eva-mon-amour"},"modified":"2021-05-07T13:59:36","modified_gmt":"2021-05-07T13:59:36","slug":"lo-specchio-e-l-aspirina-eva-mon-amour","status":"publish","type":"product","link":"https:\/\/www.alabianca.it\/it\/store\/ala-bianca-records\/lo-specchio-e-l-aspirina-eva-mon-amour\/","title":{"rendered":"Eva mon amour &#8211; Lo specchio e L&#8217;Aspirina"},"content":{"rendered":"<div class=\"wpb-content-wrapper\"><p>[vc_row][vc_column][mpc_vc_deco_header type=&#8221;h2&#8243; align=&#8221;left&#8221; text=&#8221;Descrizione&#8221;][vc_column_text]<\/p>\n<h2>Info<\/h2>\n<p>Dopo un lungo, fortunato tour di oltre 150 concerti (primo posto nella classifica \u0092Keep On\u0092 , migliori live band italiane), la band ha prodotto questo terzo album attingendo ad esperienze di altri musicisti quali Rodrigo D\u0092Erasmo (Afterhours, violino) e Fabio Fraschini (basso).\u00a0Dieci nuovi brani coerenti con la precedente produzione ma creativamente innovativi in composizione, testi, arrangiamenti e \u00a0sonorit\u00e0. Un album che sottolinea l\u0092evoluzione artistica della band, un album che segna una nuova tappa del percorso musicale degli Eva Mon Amor.\u00a0\u0092Lo Specchio e l&#8217;Aspirina\u0092 parla d&#8217;identit\u00e0, della confusione tra appartenenza e somiglianza, della difficolt\u00e0 a riconoscersi, a diventare noi stessi, di un interiore bisogno di verit\u00e0 ed autenticit\u00e0. \u00a0[\/vc_column_text][\/vc_column][\/vc_row]<\/p>\n<p><iframe width=260\" height=\"146\" src=\"http:\/\/www.youtube.com\/embed\/W7hkcTd1k94?rel=0\" frameborder=\"0\" allowfullscreen><\/iframe>&#8221;<\/p>\n<p>https:\/\/itunes.apple.com\/it\/album\/lo-specchio-e-laspirina-deluxe\/id567152095?uo=4<\/p>\n<\/div>","protected":false},"excerpt":{"rendered":"<p>01. Si stava meglio prima<br \/>02. Ci piace<br \/>03. Uno qualcuno<br \/>04. Pensare fa male alla pelle<br \/>05. Sei dove guardi<br \/>06. Parliamo d\u0092altro<br \/>07. Nascondigli per i cani<br \/>08. Lo specchio e l\u0092aspirina<br \/>09. Ti chieder\u00f2 domani<br \/>10. Tutta la verit\u00e0 sulla verit\u00e0<\/p>\n","protected":false},"featured_media":1790,"template":"","meta":{"_acf_changed":false},"product_brand":[],"product_cat":[437],"product_tag":[680],"class_list":{"0":"post-1789","1":"product","2":"type-product","3":"status-publish","4":"has-post-thumbnail","6":"product_cat-ala-bianca-records","7":"product_tag-eva-mon-amour","8":"pa_genere-canzone-dautore","9":"pa_supporto-cd","10":"pa_uscita-671","12":"first","13":"instock","14":"taxable","15":"shipping-taxable","16":"purchasable","17":"product-type-simple"},"acf":[],"yoast_head":"<!-- This site is optimized with the Yoast SEO plugin v27.5 - https:\/\/yoast.com\/product\/yoast-seo-wordpress\/ -->\n<title>Eva mon amour - Lo specchio e L&#039;Aspirina - Ala Bianca Group<\/title>\n<meta name=\"description\" content=\"Acquista ora Eva mon amour - Lo specchio e L&#039;Aspirina su Ala Bianca Group Editore e produttore discografico a Modena.\" \/>\n<meta name=\"robots\" content=\"index, follow, max-snippet:-1, max-image-preview:large, max-video-preview:-1\" \/>\n<link rel=\"canonical\" href=\"https:\/\/www.alabianca.it\/it\/store\/ala-bianca-records\/lo-specchio-e-l-aspirina-eva-mon-amour\/\" \/>\n<meta property=\"og:locale\" content=\"it_IT\" \/>\n<meta property=\"og:type\" content=\"article\" \/>\n<meta property=\"og:title\" content=\"Eva mon amour - Lo specchio e L&#039;Aspirina - Ala Bianca Group\" \/>\n<meta property=\"og:description\" content=\"Acquista ora Eva mon amour - Lo specchio e L&#039;Aspirina su Ala Bianca Group Editore e produttore discografico a Modena.\" \/>\n<meta property=\"og:url\" content=\"https:\/\/www.alabianca.it\/it\/store\/ala-bianca-records\/lo-specchio-e-l-aspirina-eva-mon-amour\/\" \/>\n<meta property=\"og:site_name\" content=\"Ala Bianca Group\" \/>\n<meta property=\"article:modified_time\" content=\"2021-05-07T13:59:36+00:00\" \/>\n<meta property=\"og:image\" content=\"https:\/\/www.alabianca.it\/wp-content\/uploads\/2015\/01\/Lo_specchio_e_L__5060d71d1ce87.jpg\" \/>\n\t<meta property=\"og:image:width\" content=\"282\" \/>\n\t<meta property=\"og:image:height\" content=\"282\" \/>\n\t<meta property=\"og:image:type\" content=\"image\/jpeg\" \/>\n<meta name=\"twitter:card\" content=\"summary_large_image\" \/>\n<meta name=\"twitter:label1\" content=\"Tempo di lettura stimato\" \/>\n\t<meta name=\"twitter:data1\" content=\"1 minuto\" \/>\n<script type=\"application\/ld+json\" class=\"yoast-schema-graph\">{\"@context\":\"https:\\\/\\\/schema.org\",\"@graph\":[{\"@type\":\"WebPage\",\"@id\":\"https:\\\/\\\/www.alabianca.it\\\/it\\\/store\\\/ala-bianca-records\\\/lo-specchio-e-l-aspirina-eva-mon-amour\\\/\",\"url\":\"https:\\\/\\\/www.alabianca.it\\\/it\\\/store\\\/ala-bianca-records\\\/lo-specchio-e-l-aspirina-eva-mon-amour\\\/\",\"name\":\"Eva mon amour - Lo specchio e L'Aspirina - Ala Bianca Group\",\"isPartOf\":{\"@id\":\"https:\\\/\\\/www.alabianca.it\\\/it\\\/#website\"},\"primaryImageOfPage\":{\"@id\":\"https:\\\/\\\/www.alabianca.it\\\/it\\\/store\\\/ala-bianca-records\\\/lo-specchio-e-l-aspirina-eva-mon-amour\\\/#primaryimage\"},\"image\":{\"@id\":\"https:\\\/\\\/www.alabianca.it\\\/it\\\/store\\\/ala-bianca-records\\\/lo-specchio-e-l-aspirina-eva-mon-amour\\\/#primaryimage\"},\"thumbnailUrl\":\"https:\\\/\\\/www.alabianca.it\\\/wp-content\\\/uploads\\\/2015\\\/01\\\/Lo_specchio_e_L__5060d71d1ce87.jpg\",\"datePublished\":\"2015-01-23T16:07:23+00:00\",\"dateModified\":\"2021-05-07T13:59:36+00:00\",\"description\":\"Acquista ora Eva mon amour - Lo specchio e L'Aspirina su Ala Bianca Group Editore e produttore discografico a Modena.\",\"breadcrumb\":{\"@id\":\"https:\\\/\\\/www.alabianca.it\\\/it\\\/store\\\/ala-bianca-records\\\/lo-specchio-e-l-aspirina-eva-mon-amour\\\/#breadcrumb\"},\"inLanguage\":\"it-IT\",\"potentialAction\":[{\"@type\":\"ReadAction\",\"target\":[\"https:\\\/\\\/www.alabianca.it\\\/it\\\/store\\\/ala-bianca-records\\\/lo-specchio-e-l-aspirina-eva-mon-amour\\\/\"]}]},{\"@type\":\"ImageObject\",\"inLanguage\":\"it-IT\",\"@id\":\"https:\\\/\\\/www.alabianca.it\\\/it\\\/store\\\/ala-bianca-records\\\/lo-specchio-e-l-aspirina-eva-mon-amour\\\/#primaryimage\",\"url\":\"https:\\\/\\\/www.alabianca.it\\\/wp-content\\\/uploads\\\/2015\\\/01\\\/Lo_specchio_e_L__5060d71d1ce87.jpg\",\"contentUrl\":\"https:\\\/\\\/www.alabianca.it\\\/wp-content\\\/uploads\\\/2015\\\/01\\\/Lo_specchio_e_L__5060d71d1ce87.jpg\",\"width\":282,\"height\":282},{\"@type\":\"BreadcrumbList\",\"@id\":\"https:\\\/\\\/www.alabianca.it\\\/it\\\/store\\\/ala-bianca-records\\\/lo-specchio-e-l-aspirina-eva-mon-amour\\\/#breadcrumb\",\"itemListElement\":[{\"@type\":\"ListItem\",\"position\":1,\"name\":\"Home\",\"item\":\"https:\\\/\\\/www.alabianca.it\\\/it\\\/\"},{\"@type\":\"ListItem\",\"position\":2,\"name\":\"Store\",\"item\":\"https:\\\/\\\/www.alabianca.it\\\/it\\\/store\\\/\"},{\"@type\":\"ListItem\",\"position\":3,\"name\":\"Eva mon amour &#8211; Lo specchio e L&#8217;Aspirina\"}]},{\"@type\":\"WebSite\",\"@id\":\"https:\\\/\\\/www.alabianca.it\\\/it\\\/#website\",\"url\":\"https:\\\/\\\/www.alabianca.it\\\/it\\\/\",\"name\":\"Ala Bianca Group\",\"description\":\"Editore e produttore discografico\",\"publisher\":{\"@id\":\"https:\\\/\\\/www.alabianca.it\\\/it\\\/#organization\"},\"potentialAction\":[{\"@type\":\"SearchAction\",\"target\":{\"@type\":\"EntryPoint\",\"urlTemplate\":\"https:\\\/\\\/www.alabianca.it\\\/it\\\/?s={search_term_string}\"},\"query-input\":{\"@type\":\"PropertyValueSpecification\",\"valueRequired\":true,\"valueName\":\"search_term_string\"}}],\"inLanguage\":\"it-IT\"},{\"@type\":\"Organization\",\"@id\":\"https:\\\/\\\/www.alabianca.it\\\/it\\\/#organization\",\"name\":\"Alabianca Group S.r.l.\",\"url\":\"https:\\\/\\\/www.alabianca.it\\\/it\\\/\",\"logo\":{\"@type\":\"ImageObject\",\"inLanguage\":\"it-IT\",\"@id\":\"https:\\\/\\\/www.alabianca.it\\\/it\\\/#\\\/schema\\\/logo\\\/image\\\/\",\"url\":\"https:\\\/\\\/www.alabianca.it\\\/wp-content\\\/uploads\\\/2018\\\/01\\\/alabianca-records-logo-2018-h-3.png\",\"contentUrl\":\"https:\\\/\\\/www.alabianca.it\\\/wp-content\\\/uploads\\\/2018\\\/01\\\/alabianca-records-logo-2018-h-3.png\",\"width\":345,\"height\":133,\"caption\":\"Alabianca Group S.r.l.\"},\"image\":{\"@id\":\"https:\\\/\\\/www.alabianca.it\\\/it\\\/#\\\/schema\\\/logo\\\/image\\\/\"}}]}<\/script>\n<!-- \/ Yoast SEO plugin. -->","yoast_head_json":{"title":"Eva mon amour - Lo specchio e L'Aspirina - Ala Bianca Group","description":"Acquista ora Eva mon amour - Lo specchio e L'Aspirina su Ala Bianca Group Editore e produttore discografico a Modena.","robots":{"index":"index","follow":"follow","max-snippet":"max-snippet:-1","max-image-preview":"max-image-preview:large","max-video-preview":"max-video-preview:-1"},"canonical":"https:\/\/www.alabianca.it\/it\/store\/ala-bianca-records\/lo-specchio-e-l-aspirina-eva-mon-amour\/","og_locale":"it_IT","og_type":"article","og_title":"Eva mon amour - Lo specchio e L'Aspirina - Ala Bianca Group","og_description":"Acquista ora Eva mon amour - Lo specchio e L'Aspirina su Ala Bianca Group Editore e produttore discografico a Modena.","og_url":"https:\/\/www.alabianca.it\/it\/store\/ala-bianca-records\/lo-specchio-e-l-aspirina-eva-mon-amour\/","og_site_name":"Ala Bianca Group","article_modified_time":"2021-05-07T13:59:36+00:00","og_image":[{"width":282,"height":282,"url":"https:\/\/www.alabianca.it\/wp-content\/uploads\/2015\/01\/Lo_specchio_e_L__5060d71d1ce87.jpg","type":"image\/jpeg"}],"twitter_card":"summary_large_image","twitter_misc":{"Tempo di lettura stimato":"1 minuto"},"schema":{"@context":"https:\/\/schema.org","@graph":[{"@type":"WebPage","@id":"https:\/\/www.alabianca.it\/it\/store\/ala-bianca-records\/lo-specchio-e-l-aspirina-eva-mon-amour\/","url":"https:\/\/www.alabianca.it\/it\/store\/ala-bianca-records\/lo-specchio-e-l-aspirina-eva-mon-amour\/","name":"Eva mon amour - Lo specchio e L'Aspirina - Ala Bianca Group","isPartOf":{"@id":"https:\/\/www.alabianca.it\/it\/#website"},"primaryImageOfPage":{"@id":"https:\/\/www.alabianca.it\/it\/store\/ala-bianca-records\/lo-specchio-e-l-aspirina-eva-mon-amour\/#primaryimage"},"image":{"@id":"https:\/\/www.alabianca.it\/it\/store\/ala-bianca-records\/lo-specchio-e-l-aspirina-eva-mon-amour\/#primaryimage"},"thumbnailUrl":"https:\/\/www.alabianca.it\/wp-content\/uploads\/2015\/01\/Lo_specchio_e_L__5060d71d1ce87.jpg","datePublished":"2015-01-23T16:07:23+00:00","dateModified":"2021-05-07T13:59:36+00:00","description":"Acquista ora Eva mon amour - Lo specchio e L'Aspirina su Ala Bianca Group Editore e produttore discografico a Modena.","breadcrumb":{"@id":"https:\/\/www.alabianca.it\/it\/store\/ala-bianca-records\/lo-specchio-e-l-aspirina-eva-mon-amour\/#breadcrumb"},"inLanguage":"it-IT","potentialAction":[{"@type":"ReadAction","target":["https:\/\/www.alabianca.it\/it\/store\/ala-bianca-records\/lo-specchio-e-l-aspirina-eva-mon-amour\/"]}]},{"@type":"ImageObject","inLanguage":"it-IT","@id":"https:\/\/www.alabianca.it\/it\/store\/ala-bianca-records\/lo-specchio-e-l-aspirina-eva-mon-amour\/#primaryimage","url":"https:\/\/www.alabianca.it\/wp-content\/uploads\/2015\/01\/Lo_specchio_e_L__5060d71d1ce87.jpg","contentUrl":"https:\/\/www.alabianca.it\/wp-content\/uploads\/2015\/01\/Lo_specchio_e_L__5060d71d1ce87.jpg","width":282,"height":282},{"@type":"BreadcrumbList","@id":"https:\/\/www.alabianca.it\/it\/store\/ala-bianca-records\/lo-specchio-e-l-aspirina-eva-mon-amour\/#breadcrumb","itemListElement":[{"@type":"ListItem","position":1,"name":"Home","item":"https:\/\/www.alabianca.it\/it\/"},{"@type":"ListItem","position":2,"name":"Store","item":"https:\/\/www.alabianca.it\/it\/store\/"},{"@type":"ListItem","position":3,"name":"Eva mon amour &#8211; Lo specchio e L&#8217;Aspirina"}]},{"@type":"WebSite","@id":"https:\/\/www.alabianca.it\/it\/#website","url":"https:\/\/www.alabianca.it\/it\/","name":"Ala Bianca Group","description":"Editore e produttore discografico","publisher":{"@id":"https:\/\/www.alabianca.it\/it\/#organization"},"potentialAction":[{"@type":"SearchAction","target":{"@type":"EntryPoint","urlTemplate":"https:\/\/www.alabianca.it\/it\/?s={search_term_string}"},"query-input":{"@type":"PropertyValueSpecification","valueRequired":true,"valueName":"search_term_string"}}],"inLanguage":"it-IT"},{"@type":"Organization","@id":"https:\/\/www.alabianca.it\/it\/#organization","name":"Alabianca Group S.r.l.","url":"https:\/\/www.alabianca.it\/it\/","logo":{"@type":"ImageObject","inLanguage":"it-IT","@id":"https:\/\/www.alabianca.it\/it\/#\/schema\/logo\/image\/","url":"https:\/\/www.alabianca.it\/wp-content\/uploads\/2018\/01\/alabianca-records-logo-2018-h-3.png","contentUrl":"https:\/\/www.alabianca.it\/wp-content\/uploads\/2018\/01\/alabianca-records-logo-2018-h-3.png","width":345,"height":133,"caption":"Alabianca Group S.r.l."},"image":{"@id":"https:\/\/www.alabianca.it\/it\/#\/schema\/logo\/image\/"}}]}},"_links":{"self":[{"href":"https:\/\/www.alabianca.it\/it\/wp-json\/wp\/v2\/product\/1789","targetHints":{"allow":["GET"]}}],"collection":[{"href":"https:\/\/www.alabianca.it\/it\/wp-json\/wp\/v2\/product"}],"about":[{"href":"https:\/\/www.alabianca.it\/it\/wp-json\/wp\/v2\/types\/product"}],"wp:featuredmedia":[{"embeddable":true,"href":"https:\/\/www.alabianca.it\/it\/wp-json\/wp\/v2\/media\/1790"}],"wp:attachment":[{"href":"https:\/\/www.alabianca.it\/it\/wp-json\/wp\/v2\/media?parent=1789"}],"wp:term":[{"taxonomy":"product_brand","embeddable":true,"href":"https:\/\/www.alabianca.it\/it\/wp-json\/wp\/v2\/product_brand?post=1789"},{"taxonomy":"product_cat","embeddable":true,"href":"https:\/\/www.alabianca.it\/it\/wp-json\/wp\/v2\/product_cat?post=1789"},{"taxonomy":"product_tag","embeddable":true,"href":"https:\/\/www.alabianca.it\/it\/wp-json\/wp\/v2\/product_tag?post=1789"}],"curies":[{"name":"wp","href":"https:\/\/api.w.org\/{rel}","templated":true}]}}