{"id":20310,"date":"2023-11-17T08:18:58","date_gmt":"2023-11-17T08:18:58","guid":{"rendered":"https:\/\/www.alabianca.it\/?post_type=product&#038;p=20310"},"modified":"2025-01-27T10:29:31","modified_gmt":"2025-01-27T08:29:31","slug":"enzo-jannacci-qualcosa-da-ascoltare-tra-inediti-e-rarita-lp-da-collezione","status":"publish","type":"product","link":"https:\/\/www.alabianca.it\/it\/store\/ala-bianca-records\/enzo-jannacci-qualcosa-da-ascoltare-tra-inediti-e-rarita-lp-da-collezione\/","title":{"rendered":"Enzo Jannacci &#8211; &#8220;Qualcosa da ascoltare &#8211; Tra inediti e rarit\u00e0&#8221; (LP da collezione)"},"content":{"rendered":"<p>A dieci anni dalla scomparsa di <a href=\"https:\/\/www.alabianca.it\/it\/artisti\/enzo-jannacci\/\"><strong>Enzo Jannacci<\/strong><\/a>, <strong>Ala Bianca<\/strong> pubblica <strong>il vinile da collezione <em>\u201cEnzo Jannacci &#8211; Qualcosa da ascoltare &#8211; tra inediti e rarit\u00e0\u201d<\/em><\/strong>, un album prezioso che raccoglie <strong>registrazioni private dei primi anni di attivit\u00e0 artistica di Enzo, restaurate e masterizzate, e tre brani inediti<\/strong>.<\/p>\n<p><em><strong>\u201cQualcosa da ascoltare &#8211; tra Inediti e rarit\u00e0\u201d<\/strong><\/em>: una collezione di reperti audio che conservano una preziosa valenza documentaristica, storica ed artistica, e che impreziosiscono il valore del patrimonio creativo di <strong>Enzo Jannacci<\/strong>, tra i pi\u00f9 grandi artisti-cantautori italiani di ogni tempo.<\/p>\n<p><strong>Il lato A<\/strong> raccoglie registrazioni di provini effettuate tra gli anni \u201850 e \u201960, rimaste fino ad ora nel cassetto. Tra queste &#8211; incise in casa Jannacci poggiando il registratorino sul pianoforte, in solitudine o con qualche amico musicista &#8211; spuntano <strong>tre inediti: <em>\u201cCon le mani sopra il viso\u201d\u2019, \u201cNon <\/em><\/strong><em><strong>posso sporcarmi il vestito\u201d, \u201cIl vestito dell\u2019altro ieri\u201d<\/strong><\/em>, ed una versione live del celebre brano: <em><strong>\u201c<a href=\"https:\/\/it.wikipedia.org\/wiki\/Les_feuilles_mortes\">Les Feuilles Mortes<\/a>\u201d<\/strong><\/em> (Kosma, Prevert), consentendoci cos\u00ec di accedere alle stanze dove il prodigio creativo e musicale di un giovanissimo Jannacci si concretizzava. Sempre in questo primo lato, troviamo alcuni dei brani che hanno consacrato il genio di Jannacci, tra cui \u201c<strong><em>El portava i scarp del tennis\u201d<\/em><\/strong>, tutti nelle prime e pi\u00f9 intime fasi della loro creazione.<\/p>\n<p><strong>Il lato B<\/strong> mostra l\u2019altra faccia dell\u2019Artista, quella pi\u00f9 teatrale e comica, spettacolare, che si rivela dinnanzi al pubblico nella dimensione live: la registrazione del concerto del 1966 all\u2019INTRA\u2019S AL CORSO di Milano, che ci fa rivivere il Cabaret musicale Jannacciano. Anche questo lato raccoglie alcuni dei tesori musicali della carriera di Jannacci, compreso qualche titolo firmato dalla penna sagace di <a href=\"https:\/\/en.wikipedia.org\/wiki\/Dario_Fo\"><strong>Dario Fo<\/strong><\/a> (<strong><em>\u201cLa luna \u00e8 una lampadina\u201d <\/em><\/strong>e <em>\u201cUn foruncolo\u201d<\/em>).<\/p>\n<p>Nonostante si tratti di materiale che accusa gli anni, <em>\u201cEnzo Jannacci &#8211; Qualcosa da ascoltare tra inediti e rarit\u00e0\u201d<\/em> \u00e8 un disco di una musicalit\u00e0 sorprendente, godibilissimo, divertente, riflessivo, e di rara autenticit\u00e0. Una vera e propria \u201cchicca\u201d.<\/p>\n","protected":false},"excerpt":{"rendered":"<p>A dieci anni dalla scomparsa di Enzo Jannacci, Ala Bianca pubblica il vinile da collezione \u201cEnzo Jannacci &#8211; Qualcosa da ascoltare &#8211; tra inediti e rarit\u00e0\u201d, un album prezioso che raccoglie registrazioni private dei primi anni di attivit\u00e0 artistica di Enzo, restaurate e masterizzate, e tre brani inediti. \u201cQualcosa da ascoltare &#8211; tra Inediti e [&hellip;]<\/p>\n","protected":false},"featured_media":20315,"template":"","meta":{"_acf_changed":false},"product_brand":[],"product_cat":[437],"product_tag":[],"class_list":{"0":"post-20310","1":"product","2":"type-product","3":"status-publish","4":"has-post-thumbnail","6":"product_cat-ala-bianca-records","8":"first","9":"outofstock","10":"taxable","11":"shipping-taxable","12":"purchasable","13":"product-type-simple"},"acf":[],"yoast_head":"<!-- This site is optimized with the Yoast SEO plugin v27.4 - https:\/\/yoast.com\/product\/yoast-seo-wordpress\/ -->\n<title>Enzo Jannacci - &quot;Qualcosa da ascoltare - Tra inediti e rarit\u00e0&quot; (LP da collezione) - Ala Bianca Group<\/title>\n<meta name=\"description\" content=\"Acquista ora il nuovo LP da collezione di Enzo Jannacci - &quot;Qualcosa da ascoltare - Tra inediti e rarit\u00e0&quot;, pubblicato da Ala Bianca.\" \/>\n<meta name=\"robots\" content=\"index, follow, max-snippet:-1, max-image-preview:large, max-video-preview:-1\" \/>\n<link rel=\"canonical\" href=\"https:\/\/www.alabianca.it\/it\/store\/ala-bianca-records\/enzo-jannacci-qualcosa-da-ascoltare-tra-inediti-e-rarita-lp-da-collezione\/\" \/>\n<meta property=\"og:locale\" content=\"it_IT\" \/>\n<meta property=\"og:type\" content=\"article\" \/>\n<meta property=\"og:title\" content=\"Enzo Jannacci - &quot;Qualcosa da ascoltare - Tra inediti e rarit\u00e0&quot; (LP da collezione) - Ala Bianca Group\" \/>\n<meta property=\"og:description\" content=\"Acquista ora il nuovo LP da collezione di Enzo Jannacci - &quot;Qualcosa da ascoltare - Tra inediti e rarit\u00e0&quot;, pubblicato da Ala Bianca.\" \/>\n<meta property=\"og:url\" content=\"https:\/\/www.alabianca.it\/it\/store\/ala-bianca-records\/enzo-jannacci-qualcosa-da-ascoltare-tra-inediti-e-rarita-lp-da-collezione\/\" \/>\n<meta property=\"og:site_name\" content=\"Ala Bianca Group\" \/>\n<meta property=\"article:modified_time\" content=\"2025-01-27T08:29:31+00:00\" \/>\n<meta property=\"og:image\" content=\"https:\/\/www.alabianca.it\/wp-content\/uploads\/2023\/11\/Enzo-Jannacci-QA-FRONT-1-1024x1020.png\" \/>\n\t<meta property=\"og:image:width\" content=\"1024\" \/>\n\t<meta property=\"og:image:height\" content=\"1020\" \/>\n\t<meta property=\"og:image:type\" content=\"image\/png\" \/>\n<meta name=\"twitter:card\" content=\"summary_large_image\" \/>\n<meta name=\"twitter:label1\" content=\"Tempo di lettura stimato\" \/>\n\t<meta name=\"twitter:data1\" content=\"2 minuti\" \/>\n<script type=\"application\/ld+json\" class=\"yoast-schema-graph\">{\"@context\":\"https:\\\/\\\/schema.org\",\"@graph\":[{\"@type\":\"WebPage\",\"@id\":\"https:\\\/\\\/www.alabianca.it\\\/it\\\/store\\\/ala-bianca-records\\\/enzo-jannacci-qualcosa-da-ascoltare-tra-inediti-e-rarita-lp-da-collezione\\\/\",\"url\":\"https:\\\/\\\/www.alabianca.it\\\/it\\\/store\\\/ala-bianca-records\\\/enzo-jannacci-qualcosa-da-ascoltare-tra-inediti-e-rarita-lp-da-collezione\\\/\",\"name\":\"Enzo Jannacci - \\\"Qualcosa da ascoltare - Tra inediti e rarit\u00e0\\\" (LP da collezione) - Ala Bianca Group\",\"isPartOf\":{\"@id\":\"https:\\\/\\\/www.alabianca.it\\\/it\\\/#website\"},\"primaryImageOfPage\":{\"@id\":\"https:\\\/\\\/www.alabianca.it\\\/it\\\/store\\\/ala-bianca-records\\\/enzo-jannacci-qualcosa-da-ascoltare-tra-inediti-e-rarita-lp-da-collezione\\\/#primaryimage\"},\"image\":{\"@id\":\"https:\\\/\\\/www.alabianca.it\\\/it\\\/store\\\/ala-bianca-records\\\/enzo-jannacci-qualcosa-da-ascoltare-tra-inediti-e-rarita-lp-da-collezione\\\/#primaryimage\"},\"thumbnailUrl\":\"https:\\\/\\\/www.alabianca.it\\\/wp-content\\\/uploads\\\/2023\\\/11\\\/Enzo-Jannacci-QA-FRONT-1.png\",\"datePublished\":\"2023-11-17T08:18:58+00:00\",\"dateModified\":\"2025-01-27T08:29:31+00:00\",\"description\":\"Acquista ora il nuovo LP da collezione di Enzo Jannacci - \\\"Qualcosa da ascoltare - Tra inediti e rarit\u00e0\\\", pubblicato da Ala Bianca.\",\"breadcrumb\":{\"@id\":\"https:\\\/\\\/www.alabianca.it\\\/it\\\/store\\\/ala-bianca-records\\\/enzo-jannacci-qualcosa-da-ascoltare-tra-inediti-e-rarita-lp-da-collezione\\\/#breadcrumb\"},\"inLanguage\":\"it-IT\",\"potentialAction\":[{\"@type\":\"ReadAction\",\"target\":[\"https:\\\/\\\/www.alabianca.it\\\/it\\\/store\\\/ala-bianca-records\\\/enzo-jannacci-qualcosa-da-ascoltare-tra-inediti-e-rarita-lp-da-collezione\\\/\"]}]},{\"@type\":\"ImageObject\",\"inLanguage\":\"it-IT\",\"@id\":\"https:\\\/\\\/www.alabianca.it\\\/it\\\/store\\\/ala-bianca-records\\\/enzo-jannacci-qualcosa-da-ascoltare-tra-inediti-e-rarita-lp-da-collezione\\\/#primaryimage\",\"url\":\"https:\\\/\\\/www.alabianca.it\\\/wp-content\\\/uploads\\\/2023\\\/11\\\/Enzo-Jannacci-QA-FRONT-1.png\",\"contentUrl\":\"https:\\\/\\\/www.alabianca.it\\\/wp-content\\\/uploads\\\/2023\\\/11\\\/Enzo-Jannacci-QA-FRONT-1.png\",\"width\":3696,\"height\":3682},{\"@type\":\"BreadcrumbList\",\"@id\":\"https:\\\/\\\/www.alabianca.it\\\/it\\\/store\\\/ala-bianca-records\\\/enzo-jannacci-qualcosa-da-ascoltare-tra-inediti-e-rarita-lp-da-collezione\\\/#breadcrumb\",\"itemListElement\":[{\"@type\":\"ListItem\",\"position\":1,\"name\":\"Home\",\"item\":\"https:\\\/\\\/www.alabianca.it\\\/it\\\/\"},{\"@type\":\"ListItem\",\"position\":2,\"name\":\"Store\",\"item\":\"https:\\\/\\\/www.alabianca.it\\\/it\\\/store\\\/\"},{\"@type\":\"ListItem\",\"position\":3,\"name\":\"Enzo Jannacci &#8211; &#8220;Qualcosa da ascoltare &#8211; Tra inediti e rarit\u00e0&#8221; (LP da collezione)\"}]},{\"@type\":\"WebSite\",\"@id\":\"https:\\\/\\\/www.alabianca.it\\\/it\\\/#website\",\"url\":\"https:\\\/\\\/www.alabianca.it\\\/it\\\/\",\"name\":\"Ala Bianca Group\",\"description\":\"Editore e produttore discografico\",\"publisher\":{\"@id\":\"https:\\\/\\\/www.alabianca.it\\\/it\\\/#organization\"},\"potentialAction\":[{\"@type\":\"SearchAction\",\"target\":{\"@type\":\"EntryPoint\",\"urlTemplate\":\"https:\\\/\\\/www.alabianca.it\\\/it\\\/?s={search_term_string}\"},\"query-input\":{\"@type\":\"PropertyValueSpecification\",\"valueRequired\":true,\"valueName\":\"search_term_string\"}}],\"inLanguage\":\"it-IT\"},{\"@type\":\"Organization\",\"@id\":\"https:\\\/\\\/www.alabianca.it\\\/it\\\/#organization\",\"name\":\"Alabianca Group S.r.l.\",\"url\":\"https:\\\/\\\/www.alabianca.it\\\/it\\\/\",\"logo\":{\"@type\":\"ImageObject\",\"inLanguage\":\"it-IT\",\"@id\":\"https:\\\/\\\/www.alabianca.it\\\/it\\\/#\\\/schema\\\/logo\\\/image\\\/\",\"url\":\"https:\\\/\\\/www.alabianca.it\\\/wp-content\\\/uploads\\\/2018\\\/01\\\/alabianca-records-logo-2018-h-3.png\",\"contentUrl\":\"https:\\\/\\\/www.alabianca.it\\\/wp-content\\\/uploads\\\/2018\\\/01\\\/alabianca-records-logo-2018-h-3.png\",\"width\":345,\"height\":133,\"caption\":\"Alabianca Group S.r.l.\"},\"image\":{\"@id\":\"https:\\\/\\\/www.alabianca.it\\\/it\\\/#\\\/schema\\\/logo\\\/image\\\/\"}}]}<\/script>\n<!-- \/ Yoast SEO plugin. -->","yoast_head_json":{"title":"Enzo Jannacci - \"Qualcosa da ascoltare - Tra inediti e rarit\u00e0\" (LP da collezione) - Ala Bianca Group","description":"Acquista ora il nuovo LP da collezione di Enzo Jannacci - \"Qualcosa da ascoltare - Tra inediti e rarit\u00e0\", pubblicato da Ala Bianca.","robots":{"index":"index","follow":"follow","max-snippet":"max-snippet:-1","max-image-preview":"max-image-preview:large","max-video-preview":"max-video-preview:-1"},"canonical":"https:\/\/www.alabianca.it\/it\/store\/ala-bianca-records\/enzo-jannacci-qualcosa-da-ascoltare-tra-inediti-e-rarita-lp-da-collezione\/","og_locale":"it_IT","og_type":"article","og_title":"Enzo Jannacci - \"Qualcosa da ascoltare - Tra inediti e rarit\u00e0\" (LP da collezione) - Ala Bianca Group","og_description":"Acquista ora il nuovo LP da collezione di Enzo Jannacci - \"Qualcosa da ascoltare - Tra inediti e rarit\u00e0\", pubblicato da Ala Bianca.","og_url":"https:\/\/www.alabianca.it\/it\/store\/ala-bianca-records\/enzo-jannacci-qualcosa-da-ascoltare-tra-inediti-e-rarita-lp-da-collezione\/","og_site_name":"Ala Bianca Group","article_modified_time":"2025-01-27T08:29:31+00:00","og_image":[{"width":1024,"height":1020,"url":"https:\/\/www.alabianca.it\/wp-content\/uploads\/2023\/11\/Enzo-Jannacci-QA-FRONT-1-1024x1020.png","type":"image\/png"}],"twitter_card":"summary_large_image","twitter_misc":{"Tempo di lettura stimato":"2 minuti"},"schema":{"@context":"https:\/\/schema.org","@graph":[{"@type":"WebPage","@id":"https:\/\/www.alabianca.it\/it\/store\/ala-bianca-records\/enzo-jannacci-qualcosa-da-ascoltare-tra-inediti-e-rarita-lp-da-collezione\/","url":"https:\/\/www.alabianca.it\/it\/store\/ala-bianca-records\/enzo-jannacci-qualcosa-da-ascoltare-tra-inediti-e-rarita-lp-da-collezione\/","name":"Enzo Jannacci - \"Qualcosa da ascoltare - Tra inediti e rarit\u00e0\" (LP da collezione) - Ala Bianca Group","isPartOf":{"@id":"https:\/\/www.alabianca.it\/it\/#website"},"primaryImageOfPage":{"@id":"https:\/\/www.alabianca.it\/it\/store\/ala-bianca-records\/enzo-jannacci-qualcosa-da-ascoltare-tra-inediti-e-rarita-lp-da-collezione\/#primaryimage"},"image":{"@id":"https:\/\/www.alabianca.it\/it\/store\/ala-bianca-records\/enzo-jannacci-qualcosa-da-ascoltare-tra-inediti-e-rarita-lp-da-collezione\/#primaryimage"},"thumbnailUrl":"https:\/\/www.alabianca.it\/wp-content\/uploads\/2023\/11\/Enzo-Jannacci-QA-FRONT-1.png","datePublished":"2023-11-17T08:18:58+00:00","dateModified":"2025-01-27T08:29:31+00:00","description":"Acquista ora il nuovo LP da collezione di Enzo Jannacci - \"Qualcosa da ascoltare - Tra inediti e rarit\u00e0\", pubblicato da Ala Bianca.","breadcrumb":{"@id":"https:\/\/www.alabianca.it\/it\/store\/ala-bianca-records\/enzo-jannacci-qualcosa-da-ascoltare-tra-inediti-e-rarita-lp-da-collezione\/#breadcrumb"},"inLanguage":"it-IT","potentialAction":[{"@type":"ReadAction","target":["https:\/\/www.alabianca.it\/it\/store\/ala-bianca-records\/enzo-jannacci-qualcosa-da-ascoltare-tra-inediti-e-rarita-lp-da-collezione\/"]}]},{"@type":"ImageObject","inLanguage":"it-IT","@id":"https:\/\/www.alabianca.it\/it\/store\/ala-bianca-records\/enzo-jannacci-qualcosa-da-ascoltare-tra-inediti-e-rarita-lp-da-collezione\/#primaryimage","url":"https:\/\/www.alabianca.it\/wp-content\/uploads\/2023\/11\/Enzo-Jannacci-QA-FRONT-1.png","contentUrl":"https:\/\/www.alabianca.it\/wp-content\/uploads\/2023\/11\/Enzo-Jannacci-QA-FRONT-1.png","width":3696,"height":3682},{"@type":"BreadcrumbList","@id":"https:\/\/www.alabianca.it\/it\/store\/ala-bianca-records\/enzo-jannacci-qualcosa-da-ascoltare-tra-inediti-e-rarita-lp-da-collezione\/#breadcrumb","itemListElement":[{"@type":"ListItem","position":1,"name":"Home","item":"https:\/\/www.alabianca.it\/it\/"},{"@type":"ListItem","position":2,"name":"Store","item":"https:\/\/www.alabianca.it\/it\/store\/"},{"@type":"ListItem","position":3,"name":"Enzo Jannacci &#8211; &#8220;Qualcosa da ascoltare &#8211; Tra inediti e rarit\u00e0&#8221; (LP da collezione)"}]},{"@type":"WebSite","@id":"https:\/\/www.alabianca.it\/it\/#website","url":"https:\/\/www.alabianca.it\/it\/","name":"Ala Bianca Group","description":"Editore e produttore discografico","publisher":{"@id":"https:\/\/www.alabianca.it\/it\/#organization"},"potentialAction":[{"@type":"SearchAction","target":{"@type":"EntryPoint","urlTemplate":"https:\/\/www.alabianca.it\/it\/?s={search_term_string}"},"query-input":{"@type":"PropertyValueSpecification","valueRequired":true,"valueName":"search_term_string"}}],"inLanguage":"it-IT"},{"@type":"Organization","@id":"https:\/\/www.alabianca.it\/it\/#organization","name":"Alabianca Group S.r.l.","url":"https:\/\/www.alabianca.it\/it\/","logo":{"@type":"ImageObject","inLanguage":"it-IT","@id":"https:\/\/www.alabianca.it\/it\/#\/schema\/logo\/image\/","url":"https:\/\/www.alabianca.it\/wp-content\/uploads\/2018\/01\/alabianca-records-logo-2018-h-3.png","contentUrl":"https:\/\/www.alabianca.it\/wp-content\/uploads\/2018\/01\/alabianca-records-logo-2018-h-3.png","width":345,"height":133,"caption":"Alabianca Group S.r.l."},"image":{"@id":"https:\/\/www.alabianca.it\/it\/#\/schema\/logo\/image\/"}}]}},"_links":{"self":[{"href":"https:\/\/www.alabianca.it\/it\/wp-json\/wp\/v2\/product\/20310","targetHints":{"allow":["GET"]}}],"collection":[{"href":"https:\/\/www.alabianca.it\/it\/wp-json\/wp\/v2\/product"}],"about":[{"href":"https:\/\/www.alabianca.it\/it\/wp-json\/wp\/v2\/types\/product"}],"wp:featuredmedia":[{"embeddable":true,"href":"https:\/\/www.alabianca.it\/it\/wp-json\/wp\/v2\/media\/20315"}],"wp:attachment":[{"href":"https:\/\/www.alabianca.it\/it\/wp-json\/wp\/v2\/media?parent=20310"}],"wp:term":[{"taxonomy":"product_brand","embeddable":true,"href":"https:\/\/www.alabianca.it\/it\/wp-json\/wp\/v2\/product_brand?post=20310"},{"taxonomy":"product_cat","embeddable":true,"href":"https:\/\/www.alabianca.it\/it\/wp-json\/wp\/v2\/product_cat?post=20310"},{"taxonomy":"product_tag","embeddable":true,"href":"https:\/\/www.alabianca.it\/it\/wp-json\/wp\/v2\/product_tag?post=20310"}],"curies":[{"name":"wp","href":"https:\/\/api.w.org\/{rel}","templated":true}]}}